{"id":77,"date":"2025-01-25T19:45:39","date_gmt":"2025-01-25T19:45:39","guid":{"rendered":"https:\/\/vicentevela.es\/?page_id=77"},"modified":"2025-05-13T16:57:53","modified_gmt":"2025-05-13T16:57:53","slug":"pintura","status":"publish","type":"page","link":"https:\/\/vicentevela.es\/index.php\/pintura\/","title":{"rendered":"PINTURA"},"content":{"rendered":"\n<div class=\"wp-block-greenshift-blocks-container gspb_container gspb_container-gsbp-632533b\" id=\"gspb_container-id-gsbp-632533b\"><div class=\"gb-grid-wrapper gb-grid-wrapper-6f13a38d\">\n<div class=\"gb-grid-column gb-grid-column-47bb358d\"><div class=\"gb-container gb-container-47bb358d\">\n\n<p style=\"margin-top:var(--wp--preset--spacing--40);margin-right:var(--wp--preset--spacing--40);margin-bottom:var(--wp--preset--spacing--40);margin-left:var(--wp--preset--spacing--40);padding-top:var(--wp--preset--spacing--50);padding-right:var(--wp--preset--spacing--50);padding-bottom:var(--wp--preset--spacing--50);padding-left:var(--wp--preset--spacing--50)\">Hoy muchos a\u00f1os han transcurrido desde mis comienzos como pintor, all\u00e1 por la mitad del siglo pasado; cuando Espa\u00f1a se debat\u00eda entre una dictadura y unos conceptos anticuados de valores humanos. El arte era una pura eclosi\u00f3n de protestas y renovaci\u00f3n; los artistas j\u00f3venes sent\u00edamos la necesidad de expresar nuestras frustraciones e ideales contrariados. Muchas veces ten\u00edamos que viajar y salir al exterior -no sin pocas dificultades- para respirar un poco y poder contemplar un mundo que se nos antojaba apasionante.<\/p>\n\n<\/div><\/div>\n\n<div class=\"gb-grid-column gb-grid-column-aa6822af\"><div class=\"gb-container gb-container-aa6822af\">\n\n<figure class=\"wp-block-image size-full is-resized\" style=\"margin-top:var(--wp--preset--spacing--40);margin-right:var(--wp--preset--spacing--40);margin-bottom:var(--wp--preset--spacing--40);margin-left:var(--wp--preset--spacing--40)\"><img loading=\"lazy\" decoding=\"async\" width=\"898\" height=\"552\" src=\"https:\/\/vicentevela.es\/wp-content\/uploads\/2025\/02\/VICENTE-VELA-1958.webp\" alt=\"Vicente Vela 1958\" class=\"wp-image-135\" style=\"aspect-ratio:16\/9;object-fit:cover;width:558px;height:auto\" srcset=\"https:\/\/vicentevela.es\/wp-content\/uploads\/2025\/02\/VICENTE-VELA-1958.webp 898w, https:\/\/vicentevela.es\/wp-content\/uploads\/2025\/02\/VICENTE-VELA-1958-300x184.webp 300w, https:\/\/vicentevela.es\/wp-content\/uploads\/2025\/02\/VICENTE-VELA-1958-768x472.webp 768w\" sizes=\"auto, (max-width: 898px) 100vw, 898px\" \/><\/figure>\n\n<\/div><\/div>\n<\/div>\n\n<div class=\"gb-grid-wrapper gb-grid-wrapper-8ee47dd7\">\n<div class=\"gb-grid-column gb-grid-column-c7b66877\"><div class=\"gb-container gb-container-c7b66877\">\n\n<figure class=\"wp-block-image size-full\" style=\"margin-top:var(--wp--preset--spacing--40);margin-right:var(--wp--preset--spacing--70);margin-bottom:var(--wp--preset--spacing--40);margin-left:var(--wp--preset--spacing--70)\"><img loading=\"lazy\" decoding=\"async\" width=\"400\" height=\"365\" src=\"https:\/\/vicentevela.es\/wp-content\/uploads\/2025\/01\/007recorte.webp\" alt=\"CUDRO PARA LA BIENAL DE VENECIA 1958\" class=\"wp-image-61\" style=\"aspect-ratio:16\/9;object-fit:cover\" srcset=\"https:\/\/vicentevela.es\/wp-content\/uploads\/2025\/01\/007recorte.webp 400w, https:\/\/vicentevela.es\/wp-content\/uploads\/2025\/01\/007recorte-300x274.webp 300w\" sizes=\"auto, (max-width: 400px) 100vw, 400px\" \/><\/figure>\n\n<\/div><\/div>\n\n<div class=\"gb-grid-column gb-grid-column-4c394229\"><div class=\"gb-container gb-container-4c394229\">\n\n<p style=\"margin-top:var(--wp--preset--spacing--40);margin-right:var(--wp--preset--spacing--40);margin-bottom:var(--wp--preset--spacing--40);margin-left:var(--wp--preset--spacing--40);padding-top:var(--wp--preset--spacing--50);padding-right:var(--wp--preset--spacing--50);padding-bottom:var(--wp--preset--spacing--50);padding-left:var(--wp--preset--spacing--50)\">Yo por mi cuenta he tenido que enfrentarme a todo tipo de adversidades; desde la falta de recursos hasta la incomprensi\u00f3n de una sociedad sumida en el pasado y enga\u00f1ada por el poder; incluso a algunos cr\u00edticos conservadores que no comprend\u00edan el nuevo arte que surg\u00eda<\/p>\n\n<\/div><\/div>\n<\/div>\n\n<div class=\"gb-grid-wrapper gb-grid-wrapper-f4f87702\">\n<div class=\"gb-grid-column gb-grid-column-64b69ce7\"><div class=\"gb-container gb-container-64b69ce7\">\n\n<p style=\"margin-top:var(--wp--preset--spacing--40);margin-right:var(--wp--preset--spacing--40);margin-bottom:var(--wp--preset--spacing--40);margin-left:var(--wp--preset--spacing--40);padding-top:var(--wp--preset--spacing--50);padding-right:var(--wp--preset--spacing--50);padding-bottom:var(--wp--preset--spacing--50);padding-left:var(--wp--preset--spacing--50)\"><br>Para m\u00ed, la pintura siempre ha sido lo m\u00e1s importante para evolucionar como ser humano; en ella me ha sido posible reflejar todos mis sentimientos y lo m\u00e1s profundo de mi personalidad. Con los pinceles he vencido mis malos momentos, he reflejado las mejores ilusiones e inclusive el saber de mis desamores. En definitiva, con ella he conseguido el medio de hallarme a m\u00ed mismo<\/p>\n\n<\/div><\/div>\n\n<div class=\"gb-grid-column gb-grid-column-d090230f\"><div class=\"gb-container gb-container-d090230f\">\n\n<figure class=\"wp-block-image size-full is-resized\"><img loading=\"lazy\" decoding=\"async\" width=\"1280\" height=\"885\" src=\"https:\/\/vicentevela.es\/wp-content\/uploads\/2025\/03\/Metamorfosis-organica-2-1967-117x82-1.webp\" alt=\"Metamorfosis org\u00e1nica 2 - 1967 - 117x82 - Vicente Vela\" class=\"wp-image-168\" style=\"aspect-ratio:16\/9;object-fit:cover;width:558px;height:auto\" srcset=\"https:\/\/vicentevela.es\/wp-content\/uploads\/2025\/03\/Metamorfosis-organica-2-1967-117x82-1.webp 1280w, https:\/\/vicentevela.es\/wp-content\/uploads\/2025\/03\/Metamorfosis-organica-2-1967-117x82-1-300x207.webp 300w, https:\/\/vicentevela.es\/wp-content\/uploads\/2025\/03\/Metamorfosis-organica-2-1967-117x82-1-1024x708.webp 1024w, https:\/\/vicentevela.es\/wp-content\/uploads\/2025\/03\/Metamorfosis-organica-2-1967-117x82-1-768x531.webp 768w\" sizes=\"auto, (max-width: 1280px) 100vw, 1280px\" \/><figcaption class=\"wp-element-caption\">Metamorfosis org\u00e1nica 2 &#8211; 1967 &#8211; 117&#215;82 &#8211; Vicente Vela<\/figcaption><\/figure>\n\n<\/div><\/div>\n<\/div>\n\n<div class=\"gb-grid-wrapper gb-grid-wrapper-66653875\">\n<div class=\"gb-grid-column gb-grid-column-13cdf398\"><div class=\"gb-container gb-container-13cdf398\">\n\n<figure class=\"wp-block-image size-full\"><img loading=\"lazy\" decoding=\"async\" width=\"1280\" height=\"1031\" src=\"https:\/\/vicentevela.es\/wp-content\/uploads\/2025\/03\/La-partida-1986-146x114-Viente-Vela.webp\" alt=\"La partida - 1986 - 146x114 - Vicente Vela\" class=\"wp-image-166\" style=\"aspect-ratio:16\/9;object-fit:cover\" srcset=\"https:\/\/vicentevela.es\/wp-content\/uploads\/2025\/03\/La-partida-1986-146x114-Viente-Vela.webp 1280w, https:\/\/vicentevela.es\/wp-content\/uploads\/2025\/03\/La-partida-1986-146x114-Viente-Vela-300x242.webp 300w, https:\/\/vicentevela.es\/wp-content\/uploads\/2025\/03\/La-partida-1986-146x114-Viente-Vela-1024x825.webp 1024w, https:\/\/vicentevela.es\/wp-content\/uploads\/2025\/03\/La-partida-1986-146x114-Viente-Vela-768x619.webp 768w\" sizes=\"auto, (max-width: 1280px) 100vw, 1280px\" \/><figcaption class=\"wp-element-caption\">La partida &#8211; 1986 &#8211; 146&#215;114 &#8211; Vicente Vela<\/figcaption><\/figure>\n\n<\/div><\/div>\n\n<div class=\"gb-grid-column gb-grid-column-e0179cf7\"><div class=\"gb-container gb-container-e0179cf7\">\n\n<p style=\"margin-top:var(--wp--preset--spacing--40);margin-right:var(--wp--preset--spacing--40);margin-bottom:var(--wp--preset--spacing--40);margin-left:var(--wp--preset--spacing--40);padding-top:var(--wp--preset--spacing--50);padding-right:var(--wp--preset--spacing--50);padding-bottom:var(--wp--preset--spacing--50);padding-left:var(--wp--preset--spacing--50)\"><br>A trav\u00e9s de todos estos a\u00f1os en los que no he dejado de trabajar, mi t\u00e9cnica ha ido evolucionando considerablemente. Con la incorporaci\u00f3n de la luz en mi obra comenzaron a aparecer unas nebulosas que se fueron convirtiendo lentamente en unos seres de gran carga figurativa. Estas im\u00e1genes inconcretas, se fueron aclarando y concentrando, dando lugar a mi pintura actual, en la que estoy m\u00e1s cerca del Bosco que del informalismo de mis principios.<\/p>\n\n<\/div><\/div>\n<\/div>\n\n<div class=\"gb-grid-wrapper gb-grid-wrapper-bd3d0aa2\">\n<div class=\"gb-grid-column gb-grid-column-a68baeb4\"><div class=\"gb-container gb-container-a68baeb4\">\n\n<p style=\"margin-top:var(--wp--preset--spacing--40);margin-right:var(--wp--preset--spacing--40);margin-bottom:var(--wp--preset--spacing--40);margin-left:var(--wp--preset--spacing--40);padding-top:var(--wp--preset--spacing--50);padding-right:var(--wp--preset--spacing--50);padding-bottom:var(--wp--preset--spacing--50);padding-left:var(--wp--preset--spacing--50)\"><br>A mi edad y despu\u00e9s de estar tantos a\u00f1os en el mundo del arte puedo decir con cierto orgullo que nunca he sucumbido a la tentaci\u00f3n de dejarme seducir por las ofertas de las galer\u00edas comerciales, que siempre pretenden mediatizar la obra del artista.<\/p>\n\n<\/div><\/div>\n\n<div class=\"gb-grid-column gb-grid-column-f2fa67d9\"><div class=\"gb-container gb-container-f2fa67d9\">\n\n<figure class=\"wp-block-image size-full is-resized\"><img loading=\"lazy\" decoding=\"async\" width=\"1280\" height=\"1020\" src=\"https:\/\/vicentevela.es\/wp-content\/uploads\/2025\/03\/Fotografos-del-apocalipsis-2000-160x127-Vicente-Vela.webp\" alt=\"Fot\u00f3grafos del apocalipsis - 2000 - 160x127 - Vicente Vela\" class=\"wp-image-167\" style=\"aspect-ratio:16\/9;object-fit:cover;width:558px;height:auto\" srcset=\"https:\/\/vicentevela.es\/wp-content\/uploads\/2025\/03\/Fotografos-del-apocalipsis-2000-160x127-Vicente-Vela.webp 1280w, https:\/\/vicentevela.es\/wp-content\/uploads\/2025\/03\/Fotografos-del-apocalipsis-2000-160x127-Vicente-Vela-300x239.webp 300w, https:\/\/vicentevela.es\/wp-content\/uploads\/2025\/03\/Fotografos-del-apocalipsis-2000-160x127-Vicente-Vela-1024x816.webp 1024w, https:\/\/vicentevela.es\/wp-content\/uploads\/2025\/03\/Fotografos-del-apocalipsis-2000-160x127-Vicente-Vela-768x612.webp 768w\" sizes=\"auto, (max-width: 1280px) 100vw, 1280px\" \/><figcaption class=\"wp-element-caption\">Fot\u00f3grafos del apocalipsis &#8211; 2000 &#8211; 160&#215;127 &#8211; Vicente Vela<\/figcaption><\/figure>\n\n<\/div><\/div>\n<\/div>\n\n<div class=\"gb-grid-wrapper gb-grid-wrapper-1068b864\">\n<div class=\"gb-grid-column gb-grid-column-393d2e74\"><div class=\"gb-container gb-container-393d2e74\">\n\n<figure class=\"wp-block-image size-full is-resized\"><img loading=\"lazy\" decoding=\"async\" width=\"591\" height=\"443\" src=\"https:\/\/vicentevela.es\/wp-content\/uploads\/2025\/03\/Fondo-Mediterraneo-VI.jpg\" alt=\"Fondo Mediterr\u00e1neo VI\" class=\"wp-image-158\" style=\"aspect-ratio:16\/9;object-fit:cover;width:558px;height:auto\" srcset=\"https:\/\/vicentevela.es\/wp-content\/uploads\/2025\/03\/Fondo-Mediterraneo-VI.jpg 591w, https:\/\/vicentevela.es\/wp-content\/uploads\/2025\/03\/Fondo-Mediterraneo-VI-300x225.jpg 300w\" sizes=\"auto, (max-width: 591px) 100vw, 591px\" \/><figcaption class=\"wp-element-caption\">Fondo Mediterr\u00e1neo VI<\/figcaption><\/figure>\n\n<\/div><\/div>\n\n<div class=\"gb-grid-column gb-grid-column-a69dae88\"><div class=\"gb-container gb-container-a69dae88\">\n\n<p style=\"margin-top:var(--wp--preset--spacing--40);margin-right:var(--wp--preset--spacing--40);margin-bottom:var(--wp--preset--spacing--40);margin-left:var(--wp--preset--spacing--40);padding-top:var(--wp--preset--spacing--50);padding-right:var(--wp--preset--spacing--50);padding-bottom:var(--wp--preset--spacing--50);padding-left:var(--wp--preset--spacing--50)\"><br>Estoy convencido de que un pintor no es una f\u00e1brica de cuadros y ni mucho menos es un aut\u00f3mata que encuentra una f\u00f3rmula m\u00e1gica que repite hasta el infinito. Tampoco creo que la cosa deba tomarse con tanta seriedad como para creer que se trabaja para la posteridad. Quien as\u00ed lo entienda se pierde la alegr\u00eda del disfrutar de la vida y del trabajo; incluso hasta la satisfacci\u00f3n de poder volverse loco en cualquier momento, comprendiendo al final que nada es tan importante como el amor, la amistad y en definitiva, el ser humano..<\/p>\n\n<\/div><\/div>\n<\/div><\/div>\n\n\n\n<p><\/p>\n","protected":false},"excerpt":{"rendered":"","protected":false},"author":1,"featured_media":0,"parent":0,"menu_order":0,"comment_status":"closed","ping_status":"closed","template":"","meta":{"_gspb_post_css":".gspb_container-id-gsbp-632533b{flex-direction:column;box-sizing:border-box}#gspb_container-id-gsbp-632533b.gspb_container>p:last-of-type{margin-bottom:0}#gspb_container-id-gsbp-632533b.gspb_container{position:relative;color:var(--wp--preset--color--ast-global-color-7, var(--ast-global-color-7));background-color:var(--wp--preset--color--ast-global-color-4, var(--ast-global-color-4))}","site-sidebar-layout":"default","site-content-layout":"","ast-site-content-layout":"","site-content-style":"default","site-sidebar-style":"default","ast-global-header-display":"","ast-banner-title-visibility":"","ast-main-header-display":"","ast-hfb-above-header-display":"","ast-hfb-below-header-display":"","ast-hfb-mobile-header-display":"","site-post-title":"","ast-breadcrumbs-content":"","ast-featured-img":"","footer-sml-layout":"","theme-transparent-header-meta":"","adv-header-id-meta":"","stick-header-meta":"","header-above-stick-meta":"","header-main-stick-meta":"","header-below-stick-meta":"","astra-migrate-meta-layouts":"default","ast-page-background-enabled":"default","ast-page-background-meta":{"desktop":{"background-color":"var(--ast-global-color-4)","background-image":"","background-repeat":"repeat","background-position":"center center","background-size":"auto","background-attachment":"scroll","background-type":"","background-media":"","overlay-type":"","overlay-color":"","overlay-opacity":"","overlay-gradient":""},"tablet":{"background-color":"","background-image":"","background-repeat":"repeat","background-position":"center center","background-size":"auto","background-attachment":"scroll","background-type":"","background-media":"","overlay-type":"","overlay-color":"","overlay-opacity":"","overlay-gradient":""},"mobile":{"background-color":"","background-image":"","background-repeat":"repeat","background-position":"center center","background-size":"auto","background-attachment":"scroll","background-type":"","background-media":"","overlay-type":"","overlay-color":"","overlay-opacity":"","overlay-gradient":""}},"ast-content-background-meta":{"desktop":{"background-color":"var(--ast-global-color-5)","background-image":"","background-repeat":"repeat","background-position":"center center","background-size":"auto","background-attachment":"scroll","background-type":"","background-media":"","overlay-type":"","overlay-color":"","overlay-opacity":"","overlay-gradient":""},"tablet":{"background-color":"var(--ast-global-color-5)","background-image":"","background-repeat":"repeat","background-position":"center center","background-size":"auto","background-attachment":"scroll","background-type":"","background-media":"","overlay-type":"","overlay-color":"","overlay-opacity":"","overlay-gradient":""},"mobile":{"background-color":"var(--ast-global-color-5)","background-image":"","background-repeat":"repeat","background-position":"center center","background-size":"auto","background-attachment":"scroll","background-type":"","background-media":"","overlay-type":"","overlay-color":"","overlay-opacity":"","overlay-gradient":""}},"footnotes":""},"class_list":["post-77","page","type-page","status-publish","hentry"],"_links":{"self":[{"href":"https:\/\/vicentevela.es\/index.php\/wp-json\/wp\/v2\/pages\/77","targetHints":{"allow":["GET"]}}],"collection":[{"href":"https:\/\/vicentevela.es\/index.php\/wp-json\/wp\/v2\/pages"}],"about":[{"href":"https:\/\/vicentevela.es\/index.php\/wp-json\/wp\/v2\/types\/page"}],"author":[{"embeddable":true,"href":"https:\/\/vicentevela.es\/index.php\/wp-json\/wp\/v2\/users\/1"}],"replies":[{"embeddable":true,"href":"https:\/\/vicentevela.es\/index.php\/wp-json\/wp\/v2\/comments?post=77"}],"version-history":[{"count":19,"href":"https:\/\/vicentevela.es\/index.php\/wp-json\/wp\/v2\/pages\/77\/revisions"}],"predecessor-version":[{"id":412,"href":"https:\/\/vicentevela.es\/index.php\/wp-json\/wp\/v2\/pages\/77\/revisions\/412"}],"wp:attachment":[{"href":"https:\/\/vicentevela.es\/index.php\/wp-json\/wp\/v2\/media?parent=77"}],"curies":[{"name":"wp","href":"https:\/\/api.w.org\/{rel}","templated":true}]}}