{"id":79,"date":"2025-01-25T19:46:05","date_gmt":"2025-01-25T19:46:05","guid":{"rendered":"https:\/\/vicentevela.es\/?page_id=79"},"modified":"2025-05-13T16:43:40","modified_gmt":"2025-05-13T16:43:40","slug":"diseno","status":"publish","type":"page","link":"https:\/\/vicentevela.es\/index.php\/diseno\/","title":{"rendered":"DISE\u00d1O"},"content":{"rendered":"<div class=\"gb-container gb-container-1d046196 alignfull\">\n<div class=\"gb-container gb-container-381dc158\">\n\n<div class=\"wp-block-greenshift-blocks-container gspb_container gspb_container-gsbp-3ce6e8f\" id=\"gspb_container-id-gsbp-3ce6e8f\" data-aos=\"fade\" data-aos-easing=\"ease\" data-aos-duration=\"800\">\n<p class=\"has-medium-font-size\" style=\"margin-top:var(--wp--preset--spacing--30);margin-right:var(--wp--preset--spacing--60);margin-bottom:var(--wp--preset--spacing--30);margin-left:var(--wp--preset--spacing--60)\">Vicente Vela ha sido durante m\u00e1s de 40 a\u00f1os una pieza esencial en el engranaje que ha hecho de Loewe una empresa singular.<\/p>\n\n\n\n<p class=\"has-medium-font-size\" style=\"margin-top:var(--wp--preset--spacing--30);margin-right:var(--wp--preset--spacing--60);margin-bottom:var(--wp--preset--spacing--30);margin-left:var(--wp--preset--spacing--60)\">A finales de los a\u00f1os 50 llega a Loewe de la mano del arquitecto Javier Carvajal y juntos inician en la empresa un proceso de modernizaci\u00f3n lleno de fuerza y creatividad, que afecta tanto a la arquitectura y decoraci\u00f3n de las tiendas como a la revisi\u00f3n en profundidad de todos los productos que la firma fabricaba y vend\u00eda.<\/p>\n\n\n\n<p class=\"has-medium-font-size\" style=\"margin-top:var(--wp--preset--spacing--30);margin-right:var(--wp--preset--spacing--60);margin-bottom:var(--wp--preset--spacing--30);margin-left:var(--wp--preset--spacing--60)\">Dise\u00f1aron entonces una colecci\u00f3n emblem\u00e1tica que se llam\u00f3 Loewe 60 y que sin duda marc\u00f3, no solo en Espa\u00f1a sino en Europa, la vanguardia de la creaci\u00f3n en el mundo de la piel, utilizando materiales, colores y texturas hasta entonces desconocidas.<\/p>\n\n\n\n<p class=\"has-medium-font-size\" style=\"margin-top:var(--wp--preset--spacing--20);margin-right:var(--wp--preset--spacing--60);margin-bottom:var(--wp--preset--spacing--20);margin-left:var(--wp--preset--spacing--60)\">Mirando hacia atr\u00e1s nos sentimos impresionados por la obra de este gran artista que ha dejado una herencia inapreciable, materializada en el trabajo de j\u00f3venes dise\u00f1adores que habiendo aprendido con \u00e9l, intentan hoy acercarse a los altos niveles en que se sit\u00faa todo el trabajo realizado por Vicente Vela.<\/p>\n\n\n\n<p class=\"has-medium-font-size\" style=\"margin-top:var(--wp--preset--spacing--30);margin-right:var(--wp--preset--spacing--60);margin-bottom:var(--wp--preset--spacing--30);margin-left:var(--wp--preset--spacing--60)\">Por sus manos han pasado toda clase de colecciones de bolsos, viaje, marroquiner\u00eda, pa\u00f1uelos, corbatas, joyas, perfumes&#8230; Todo un mundo que llevando su sello, su buen gusto y su rigor, han hecho de Loewe una empresa \u00fanica.<\/p>\n\n\n\n<p class=\"has-medium-font-size\" style=\"margin-top:var(--wp--preset--spacing--30);margin-right:var(--wp--preset--spacing--60);margin-bottom:var(--wp--preset--spacing--30);margin-left:var(--wp--preset--spacing--60)\">Gran parte del \u00e9xito del trabajo de Vicente para Loewe reside en que, por encima de todo, conserv\u00f3 su condici\u00f3n de pintor, y es esa mirada de artista pl\u00e1stico la que le da a todos los objetos dise\u00f1ados por \u00e9l la especial belleza y calidad que poseen.<\/p>\n\n\n\n<p class=\"has-medium-font-size\" style=\"margin-top:var(--wp--preset--spacing--30);margin-right:var(--wp--preset--spacing--60);margin-bottom:var(--wp--preset--spacing--30);margin-left:var(--wp--preset--spacing--60)\">Sin duda Loewe ha tenido en \u00e9l la suerte de tener una <em>conciencia est\u00e9tica<\/em> que le ha ayudado a impulsar valores relacionados con la cultura, la historia y la artesan\u00eda espa\u00f1ola.<\/p>\n\n\n\n<p class=\"has-medium-font-size\" style=\"margin-top:var(--wp--preset--spacing--30);margin-right:var(--wp--preset--spacing--60);margin-bottom:var(--wp--preset--spacing--30);margin-left:var(--wp--preset--spacing--60)\">Enrique Loewe<\/p>\n\n\n\n<p class=\"has-medium-font-size\" style=\"margin-top:var(--wp--preset--spacing--30);margin-right:var(--wp--preset--spacing--60);margin-bottom:var(--wp--preset--spacing--30);margin-left:var(--wp--preset--spacing--60)\"><em>Texto para el cat\u00e1logo de la exposici\u00f3n de la sala caja San Fernando en 2001<\/em><\/p>\n\n\n<div class=\"gb-grid-wrapper gb-grid-wrapper-a7ecaf18\">\n<div class=\"gb-grid-column gb-grid-column-709a6f0e\"><div class=\"gb-container gb-container-709a6f0e\">\n\n<figure class=\"wp-block-image size-large\" style=\"margin-top:var(--wp--preset--spacing--50);margin-right:var(--wp--preset--spacing--60);margin-bottom:var(--wp--preset--spacing--50);margin-left:var(--wp--preset--spacing--60)\"><img loading=\"lazy\" decoding=\"async\" width=\"1024\" height=\"705\" src=\"https:\/\/vicentevela.es\/wp-content\/uploads\/2025\/03\/PREMIADO-EN-LOEWE-1024x705.jpg\" alt=\"\" class=\"wp-image-201\" srcset=\"https:\/\/vicentevela.es\/wp-content\/uploads\/2025\/03\/PREMIADO-EN-LOEWE-1024x705.jpg 1024w, https:\/\/vicentevela.es\/wp-content\/uploads\/2025\/03\/PREMIADO-EN-LOEWE-300x206.jpg 300w, https:\/\/vicentevela.es\/wp-content\/uploads\/2025\/03\/PREMIADO-EN-LOEWE-768x528.jpg 768w, https:\/\/vicentevela.es\/wp-content\/uploads\/2025\/03\/PREMIADO-EN-LOEWE-1536x1057.jpg 1536w, https:\/\/vicentevela.es\/wp-content\/uploads\/2025\/03\/PREMIADO-EN-LOEWE.jpg 2016w\" sizes=\"auto, (max-width: 1024px) 100vw, 1024px\" \/><figcaption class=\"wp-element-caption\">Vicente Vela<\/figcaption><\/figure>\n\n<\/div><\/div>\n\n<div class=\"gb-grid-column gb-grid-column-c0bed669\"><div class=\"gb-container gb-container-c0bed669\">\n\n<p class=\"has-medium-font-size\" style=\"margin-top:var(--wp--preset--spacing--40);margin-right:var(--wp--preset--spacing--40);margin-bottom:var(--wp--preset--spacing--40);margin-left:var(--wp--preset--spacing--40);font-style:italic;font-weight:400\">\u2013\u00bb Creo que el dise\u00f1o es un arte y de hecho, han sido muchos los artistas que lo han practicado desde la antig\u00fcedad hasta nuestros d\u00edas. En mi caso empez\u00f3 siendo una curiosidad y termin\u00e9 viendo un maravilloso mundo de posibilidades y realizaci\u00f3n.<\/p>\n\n\n\n<p class=\"has-medium-font-size\" style=\"margin-top:var(--wp--preset--spacing--40);margin-right:var(--wp--preset--spacing--40);margin-bottom:var(--wp--preset--spacing--40);margin-left:var(--wp--preset--spacing--40);font-style:italic;font-weight:400\">Y lo m\u00e1s importante es que he tenido la oportunidad de tratar a profesionales muy reconocidos en el mundo de la seda y de la perfumer\u00eda, de dise\u00f1ar frascos de perfume y conocer ese mundo tan complicado (algunos de mis frascos est\u00e1n en los museos). Tambi\u00e9n he dise\u00f1ado estampados en seda y he trabajado en los talleres de Como, en d\u00f3nde excepcionalmente, me han dejado dise\u00f1ar en sus estudios junto a sus artistas. He dise\u00f1ado bisuter\u00eda con los mejores realizadores de Espa\u00f1a, Francia y Nueva York y he conocido a profesionales de talla internacional de los que he aprendido much\u00edsimo.\u00bb<\/p>\n\n<\/div><\/div>\n<\/div><\/div>\n\n\n<div class=\"gb-container gb-container-6116eaeb\"><\/div>\n<\/div>\n<\/div>\n\n\n<div class=\"wp-block-media-text is-stacked-on-mobile\"><figure class=\"wp-block-media-text__media\"><img loading=\"lazy\" decoding=\"async\" width=\"276\" height=\"251\" src=\"https:\/\/vicentevela.es\/wp-content\/uploads\/2025\/01\/vicente_vela_loewe_Anagrama_1970-e1742204053939.webp\" alt=\"ANAGRAMA DE LOEWE\" class=\"wp-image-62 size-full\"\/><\/figure><div class=\"wp-block-media-text__content\">\n<p class=\"has-medium-font-size\" style=\"padding-top:var(--wp--preset--spacing--50);padding-bottom:var(--wp--preset--spacing--50)\"> Vicente Vela cre\u00f3 1970 del anagrama de las 4 eles may\u00fasculas cursivas, propias de la caligraf\u00eda inglesa o cooperplate, enfrentadas sim\u00e9tricamente y a las que se conoce familiarmente como el cangrejo. Para sus colecciones de pa\u00f1uelos, perfumes, corbatas y maletas, se inspir\u00f3 en el arte espa\u00f1ol, en los grandes del Prado, y en el Modernismo catal\u00e1n, pero con un aliento muy contempor\u00e1neo, lo que le di\u00f3 su se\u00f1a de identidad a la Casa.<\/p>\n\n\n\n<p class=\"has-medium-font-size\">Colabor\u00f3 con otros dise\u00f1adores de la Casa en sus respectivas colecciones de bolsos, marroquiner\u00eda, bisuter\u00eda entre otras, como Giorgo Armani, o Karl Lagerfeld, Dar\u00edo Rossi, Laura Biagiotti, Roger Vivier Andrea Pfister o Renzo Zengiaro, introduciendo en sus creaciones apliques o metalister\u00eda de puro sabor espa\u00f1ol.<\/p>\n\n\n\n<p class=\"has-medium-font-size\">Propuso que los objetos deb\u00edan mostrarse en los escaparates como si fueran obras de arte.<\/p>\n<\/div><\/div>\n\n\n<div class=\"gb-grid-wrapper gb-grid-wrapper-4085b083\">\n<div class=\"gb-grid-column gb-grid-column-2a9559bb\"><div class=\"gb-container gb-container-2a9559bb\">\n\n<figure class=\"wp-block-image size-large\"><img loading=\"lazy\" decoding=\"async\" width=\"734\" height=\"1024\" src=\"https:\/\/vicentevela.es\/wp-content\/uploads\/2025\/02\/Pintura-Tarro-de-Perfume-Loewe-Caballero-734x1024.webp\" alt=\"Cuadro de Vicente Vela sobre el bote de perfume dise\u00f1ado por \u00e9l para su presentaci\u00f3n\" class=\"wp-image-109\" srcset=\"https:\/\/vicentevela.es\/wp-content\/uploads\/2025\/02\/Pintura-Tarro-de-Perfume-Loewe-Caballero-734x1024.webp 734w, https:\/\/vicentevela.es\/wp-content\/uploads\/2025\/02\/Pintura-Tarro-de-Perfume-Loewe-Caballero-215x300.webp 215w, https:\/\/vicentevela.es\/wp-content\/uploads\/2025\/02\/Pintura-Tarro-de-Perfume-Loewe-Caballero-768x1072.webp 768w, https:\/\/vicentevela.es\/wp-content\/uploads\/2025\/02\/Pintura-Tarro-de-Perfume-Loewe-Caballero.webp 873w\" sizes=\"auto, (max-width: 734px) 100vw, 734px\" \/><figcaption class=\"wp-element-caption\">Cuadro de frasco de perfume para su presentaci\u00f3n<\/figcaption><\/figure>\n\n<\/div><\/div>\n\n<div class=\"gb-grid-column gb-grid-column-9eb347dc\"><div class=\"gb-container gb-container-9eb347dc\">\n\n<figure class=\"wp-block-image size-full\"><img loading=\"lazy\" decoding=\"async\" width=\"1023\" height=\"568\" src=\"https:\/\/vicentevela.es\/wp-content\/uploads\/2025\/02\/Bolso.webp\" alt=\"\" class=\"wp-image-111\" srcset=\"https:\/\/vicentevela.es\/wp-content\/uploads\/2025\/02\/Bolso.webp 1023w, https:\/\/vicentevela.es\/wp-content\/uploads\/2025\/02\/Bolso-300x167.webp 300w, https:\/\/vicentevela.es\/wp-content\/uploads\/2025\/02\/Bolso-768x426.webp 768w\" sizes=\"auto, (max-width: 1023px) 100vw, 1023px\" \/><figcaption class=\"wp-element-caption\">Bolso<\/figcaption><\/figure>\n\n<\/div><\/div>\n\n<div class=\"gb-grid-column gb-grid-column-5cb7bd67\"><div class=\"gb-container gb-container-5cb7bd67\">\n\n<figure class=\"wp-block-image size-full\"><img loading=\"lazy\" decoding=\"async\" width=\"1017\" height=\"573\" src=\"https:\/\/vicentevela.es\/wp-content\/uploads\/2025\/02\/Escaparate-Loewe.webp\" alt=\"Vitrina con bolso\" class=\"wp-image-112\" srcset=\"https:\/\/vicentevela.es\/wp-content\/uploads\/2025\/02\/Escaparate-Loewe.webp 1017w, https:\/\/vicentevela.es\/wp-content\/uploads\/2025\/02\/Escaparate-Loewe-300x169.webp 300w, https:\/\/vicentevela.es\/wp-content\/uploads\/2025\/02\/Escaparate-Loewe-768x433.webp 768w\" sizes=\"auto, (max-width: 1017px) 100vw, 1017px\" \/><figcaption class=\"wp-element-caption\">Detalle de la vitrina de la exposici\u00f3n conmemorativa de Vicente Vela en Loewe<\/figcaption><\/figure>\n\n<\/div><\/div>\n\n<div class=\"gb-grid-column gb-grid-column-5cee9167\"><div class=\"gb-container gb-container-5cee9167\">\n\n<figure class=\"wp-block-image size-full\"><img loading=\"lazy\" decoding=\"async\" width=\"768\" height=\"794\" src=\"https:\/\/vicentevela.es\/wp-content\/uploads\/2025\/02\/dibujo-panuelo-retocada.webp\" alt=\"Detalle pa\u00f1uelo Loewe dise\u00f1ado por Vicente Vela\" class=\"wp-image-100\" srcset=\"https:\/\/vicentevela.es\/wp-content\/uploads\/2025\/02\/dibujo-panuelo-retocada.webp 768w, https:\/\/vicentevela.es\/wp-content\/uploads\/2025\/02\/dibujo-panuelo-retocada-290x300.webp 290w\" sizes=\"auto, (max-width: 768px) 100vw, 768px\" \/><figcaption class=\"wp-element-caption\">Pa\u00f1uelo<\/figcaption><\/figure>\n\n<\/div><\/div>\n<\/div>\n\n<div class=\"gb-container gb-container-fceb746e alignfull\">\n<div class=\"gb-container gb-container-f9088c2a\"><\/div>\n\n\n<div class=\"wp-block-greenshift-blocks-container gspb_container gspb_container-gsbp-6f1d18a\" id=\"gspb_container-id-gsbp-6f1d18a\" data-aos=\"fade\" data-aos-easing=\"ease\" data-aos-duration=\"800\">\n<p class=\"has-medium-font-size\" style=\"margin-top:var(--wp--preset--spacing--30);margin-right:var(--wp--preset--spacing--60);margin-bottom:var(--wp--preset--spacing--30);margin-left:var(--wp--preset--spacing--60)\">\u00abVicente Vela ten\u00eda un gran sentido cr\u00edtico y un decidido buen gusto, era un hombre culto, universal, inmensamente curioso y el animador de un equipo de dise\u00f1adores que no dudar\u00edan en darle el t\u00edtulo de \u00abconciencia est\u00e9tica\u00bb de todos ellos.<\/p>\n\n\n\n<p class=\"has-medium-font-size\" style=\"margin-top:var(--wp--preset--spacing--30);margin-right:var(--wp--preset--spacing--60);margin-bottom:var(--wp--preset--spacing--30);margin-left:var(--wp--preset--spacing--60)\">\u00abPero lo que sorprende de una manera intensa es un claro sentido de la modernidad, una modernidad entendida como actualidad, dedicada a objetos que van a ser compa\u00f1eros de nuestra vida\u00bb.<\/p>\n\n\n\n<p class=\"has-medium-font-size\" style=\"margin-top:var(--wp--preset--spacing--30);margin-right:var(--wp--preset--spacing--60);margin-bottom:var(--wp--preset--spacing--30);margin-left:var(--wp--preset--spacing--60)\">\u00abPersonalmente me hizo ser exigente y me inculc\u00f3 un enorme amor por la cultura, aparte de ofrecerme una gran amistad\u00bb, asegura.<\/p>\n\n\n\n<p class=\"has-medium-font-size\" style=\"margin-top:var(--wp--preset--spacing--30);margin-right:var(--wp--preset--spacing--60);margin-bottom:var(--wp--preset--spacing--30);margin-left:var(--wp--preset--spacing--60)\">Para m\u00ed, dice Enrique Loewe, su principal m\u00e9rito ha sido saber compartir una carrera importante de pintor con un amor inteligente, selectivo y eficaz por la artesan\u00eda; es decir por las ra\u00edces e historia de nuestro pa\u00eds.<\/p>\n\n\n\n<p class=\"has-small-font-size\" style=\"margin-top:var(--wp--preset--spacing--60);margin-right:var(--wp--preset--spacing--50);margin-bottom:var(--wp--preset--spacing--60);margin-left:var(--wp--preset--spacing--50)\">Extracto de la nota de prensa de Loewe con motivo del fallecimiento de Vicente Vela  &#8211; Enero 2015<\/p>\n\n\n\n<p style=\"margin-top:var(--wp--preset--spacing--30);margin-right:var(--wp--preset--spacing--60);margin-bottom:var(--wp--preset--spacing--30);margin-left:var(--wp--preset--spacing--60)\"><a href=\"https:\/\/es.fashionnetwork.com\/news\/loewe-lamenta-fallecimiento-del-artista-vicente-vela-creador-de-su-anagrama,453178.html\">https:\/\/es.fashionnetwork.com\/news\/loewe-lamenta-fallecimiento-del-artista-vicente-vela-creador-de-su-anagrama,453178.html<\/a><\/p>\n<\/div>\n\n<\/div>\n\n\n<p><\/p>\n","protected":false},"excerpt":{"rendered":"<p>Vicente Vela cre\u00f3 1970 del anagrama de las 4 eles may\u00fasculas cursivas, propias de la caligraf\u00eda inglesa o cooperplate, enfrentadas [&hellip;]<\/p>\n","protected":false},"author":1,"featured_media":0,"parent":0,"menu_order":0,"comment_status":"closed","ping_status":"closed","template":"","meta":{"_gspb_post_css":".gspb_container-id-gsbp-3ce6e8f,.gspb_container-id-gsbp-6f1d18a{flex-direction:column;box-sizing:border-box}#gspb_container-id-gsbp-3ce6e8f.gspb_container>p:last-of-type,#gspb_container-id-gsbp-6f1d18a.gspb_container>p:last-of-type{margin-bottom:0}#gspb_container-id-gsbp-3ce6e8f.gspb_container{position:relative;margin:300px 300px 100px 200px;padding-top:em}@media (max-width:575.98px){#gspb_container-id-gsbp-3ce6e8f.gspb_container{margin:0}}#gspb_container-id-gsbp-3ce6e8f.gspb_container{border-style:solid;border-width:1px;border-color:#00000012;background-color:#fffdd7;mask-image:linear-gradient(to left,hsl(0 0% 0%\/0),hsl(0 0% 0%\/.88) 2%,hsl(0 0% 0%\/.88) 98%,hsl(0 0% 0%\/0));transition-duration:.8s;transition-timing-function:var(--gs-root-animation-easing, cubic-bezier(0.42, 0, 0.58, 1));opacity:var(--gs-root-animation-opacity, 0);transition-property:opacity,transform,filter}#gspb_container-id-gsbp-3ce6e8f.gspb_container,#gspb_container-id-gsbp-3ce6e8f.gspb_container>.gspb_backgroundOverlay{border-top-left-radius:25px;border-top-right-radius:25px;border-bottom-right-radius:25px;border-bottom-left-radius:25px}#gspb_container-id-gsbp-3ce6e8f.gspb_container.aos-animate,#gspb_container-id-gsbp-3ce6e8f.gspb_container[data-gs-aos]{opacity:1;transform:translateZ(0)}#gspb_container-id-gsbp-6f1d18a.gspb_container{position:relative;margin:300px 300px 100px 200px;padding-top:em}@media (max-width:575.98px){#gspb_container-id-gsbp-6f1d18a.gspb_container{margin:0}}#gspb_container-id-gsbp-6f1d18a.gspb_container{border-style:solid;border-width:1px;border-color:#00000012;background-color:var(--wp--preset--color--ast-global-color-4, var(--ast-global-color-4));mask-image:linear-gradient(to left,hsl(0 0% 0%\/0),hsl(0 0% 0%\/.88) 2%,hsl(0 0% 0%\/.88) 98%,hsl(0 0% 0%\/0));transition-duration:.8s;transition-timing-function:var(--gs-root-animation-easing, cubic-bezier(0.42, 0, 0.58, 1));opacity:var(--gs-root-animation-opacity, 0);transition-property:opacity,transform,filter}#gspb_container-id-gsbp-6f1d18a.gspb_container,#gspb_container-id-gsbp-6f1d18a.gspb_container>.gspb_backgroundOverlay{border-top-left-radius:25px;border-top-right-radius:25px;border-bottom-right-radius:25px;border-bottom-left-radius:25px}#gspb_container-id-gsbp-6f1d18a.gspb_container.aos-animate,#gspb_container-id-gsbp-6f1d18a.gspb_container[data-gs-aos]{opacity:1;transform:translateZ(0)}","site-sidebar-layout":"default","site-content-layout":"","ast-site-content-layout":"default","site-content-style":"default","site-sidebar-style":"default","ast-global-header-display":"","ast-banner-title-visibility":"","ast-main-header-display":"","ast-hfb-above-header-display":"","ast-hfb-below-header-display":"","ast-hfb-mobile-header-display":"","site-post-title":"","ast-breadcrumbs-content":"","ast-featured-img":"","footer-sml-layout":"","theme-transparent-header-meta":"","adv-header-id-meta":"","stick-header-meta":"","header-above-stick-meta":"","header-main-stick-meta":"","header-below-stick-meta":"","astra-migrate-meta-layouts":"default","ast-page-background-enabled":"default","ast-page-background-meta":{"desktop":{"background-color":"var(--ast-global-color-4)","background-image":"","background-repeat":"repeat","background-position":"center center","background-size":"auto","background-attachment":"scroll","background-type":"","background-media":"","overlay-type":"","overlay-color":"","overlay-opacity":"","overlay-gradient":""},"tablet":{"background-color":"","background-image":"","background-repeat":"repeat","background-position":"center center","background-size":"auto","background-attachment":"scroll","background-type":"","background-media":"","overlay-type":"","overlay-color":"","overlay-opacity":"","overlay-gradient":""},"mobile":{"background-color":"","background-image":"","background-repeat":"repeat","background-position":"center center","background-size":"auto","background-attachment":"scroll","background-type":"","background-media":"","overlay-type":"","overlay-color":"","overlay-opacity":"","overlay-gradient":""}},"ast-content-background-meta":{"desktop":{"background-color":"var(--ast-global-color-5)","background-image":"","background-repeat":"repeat","background-position":"center center","background-size":"auto","background-attachment":"scroll","background-type":"","background-media":"","overlay-type":"","overlay-color":"","overlay-opacity":"","overlay-gradient":""},"tablet":{"background-color":"var(--ast-global-color-5)","background-image":"","background-repeat":"repeat","background-position":"center center","background-size":"auto","background-attachment":"scroll","background-type":"","background-media":"","overlay-type":"","overlay-color":"","overlay-opacity":"","overlay-gradient":""},"mobile":{"background-color":"var(--ast-global-color-5)","background-image":"","background-repeat":"repeat","background-position":"center center","background-size":"auto","background-attachment":"scroll","background-type":"","background-media":"","overlay-type":"","overlay-color":"","overlay-opacity":"","overlay-gradient":""}},"footnotes":""},"class_list":["post-79","page","type-page","status-publish","hentry"],"_links":{"self":[{"href":"https:\/\/vicentevela.es\/index.php\/wp-json\/wp\/v2\/pages\/79","targetHints":{"allow":["GET"]}}],"collection":[{"href":"https:\/\/vicentevela.es\/index.php\/wp-json\/wp\/v2\/pages"}],"about":[{"href":"https:\/\/vicentevela.es\/index.php\/wp-json\/wp\/v2\/types\/page"}],"author":[{"embeddable":true,"href":"https:\/\/vicentevela.es\/index.php\/wp-json\/wp\/v2\/users\/1"}],"replies":[{"embeddable":true,"href":"https:\/\/vicentevela.es\/index.php\/wp-json\/wp\/v2\/comments?post=79"}],"version-history":[{"count":62,"href":"https:\/\/vicentevela.es\/index.php\/wp-json\/wp\/v2\/pages\/79\/revisions"}],"predecessor-version":[{"id":407,"href":"https:\/\/vicentevela.es\/index.php\/wp-json\/wp\/v2\/pages\/79\/revisions\/407"}],"wp:attachment":[{"href":"https:\/\/vicentevela.es\/index.php\/wp-json\/wp\/v2\/media?parent=79"}],"curies":[{"name":"wp","href":"https:\/\/api.w.org\/{rel}","templated":true}]}}